{"id":2,"date":"2014-05-20T15:36:15","date_gmt":"2014-05-20T15:36:15","guid":{"rendered":"http:\/\/tt-bruchhausen.de\/Web\/?page_id=2"},"modified":"2026-09-01T14:41:10","modified_gmt":"2026-09-01T12:41:10","slug":"historie","status":"publish","type":"page","link":"http:\/\/tt-bruchhausen.de\/Web\/historie\/","title":{"rendered":"Historie: Viele Jahre. Eine Geschichte. Ein Verein."},"content":{"rendered":"<div class=\"fusion-fullwidth fullwidth-box fusion-builder-row-1 fusion-flex-container has-pattern-background has-mask-background nonhundred-percent-fullwidth non-hundred-percent-height-scrolling\" style=\"--awb-border-radius-top-left:0px;--awb-border-radius-top-right:0px;--awb-border-radius-bottom-right:0px;--awb-border-radius-bottom-left:0px;--awb-flex-wrap:wrap;\" ><div class=\"fusion-builder-row fusion-row fusion-flex-align-items-flex-start fusion-flex-content-wrap\" style=\"max-width:1248px;margin-left: calc(-4% \/ 2 );margin-right: calc(-4% \/ 2 );\"><div class=\"fusion-layout-column fusion_builder_column fusion-builder-column-0 fusion_builder_column_1_1 1_1 fusion-flex-column\" style=\"--awb-bg-size:cover;--awb-width-large:100%;--awb-margin-top-large:0px;--awb-spacing-right-large:1.92%;--awb-margin-bottom-large:20px;--awb-spacing-left-large:1.92%;--awb-width-medium:100%;--awb-order-medium:0;--awb-spacing-right-medium:1.92%;--awb-spacing-left-medium:1.92%;--awb-width-small:100%;--awb-order-small:0;--awb-spacing-right-small:1.92%;--awb-spacing-left-small:1.92%;\"><div class=\"fusion-column-wrapper fusion-column-has-shadow fusion-flex-justify-content-flex-start fusion-content-layout-column\"><div class=\"fusion-content-boxes content-boxes columns row fusion-columns-1 fusion-columns-total-14 fusion-content-boxes-1 content-boxes-timeline-vertical content-left content-boxes-timeline-layout content-boxes-icon-with-title fusion-delayed-animation\" style=\"--awb-backgroundcolor:var(--awb-color2);--awb-title-color:var(--awb-color8);--awb-iconcolor:var(--awb-color1);--awb-hover-accent-color:var(--awb-color4);--awb-circle-hover-accent-color:var(--awb-color4);--awb-item-margin-bottom:40px;\" data-animation-delay=\"350\" data-animationOffset=\"top-into-view\"><div style=\"--awb-backgroundcolor:var(--awb-color2);--awb-iconcolor:var(--awb-color1);--awb-content-padding-left:70px;\" class=\"fusion-column content-box-column content-box-column content-box-column-1 col-lg-12 col-md-12 col-sm-12 fusion-content-box-hover content-box-column-last-in-row\"><div class=\"col content-box-wrapper content-wrapper-background link-area-link-icon content-icon-wrapper-yes icon-hover-animation-fade fusion-animated\" data-animationType=\"fadeIn\" data-animationDuration=\"0.25\" data-animationOffset=\"top-into-view\"><div class=\"heading heading-with-icon icon-left\" style=\"margin-top:11px;\"><div class=\"icon\" style=\"margin-top:-11px;margin-bottom:-11px;-webkit-animation-duration: 350ms;animation-duration: 350ms;\"><span style=\"height:48px;width:48px;line-height:24px;border-color:var(--awb-color5);border-width:1px;border-style:solid;background-color:var(--awb-color5);margin-right:20px;box-sizing:content-box;border-radius:100%;\"><i style=\"border-color:var(--awb-color7);border-width:0px;background-color:var(--awb-color5);box-sizing:content-box;height:48px;width:48px;line-height:48px;border-radius:100%;position:relative;top:auto;left:auto;margin:0;border-radius:100%;font-size:24px;\" aria-hidden=\"true\" class=\"fontawesome-icon fa-pen-fancy fas circle-yes\"><\/i><\/span><\/div><h3 class=\"content-box-heading fusion-responsive-typography-calculated\" style=\"--h3_typography-font-size:28px;--fontSize:28;line-height:var(--awb-typography1-line-height);\">Die Gr\u00fcndung<\/h3><\/div><div class=\"fusion-clearfix\"><\/div><div class=\"content-container\">\n<div class=\"fusion-image-element \" style=\"--awb-margin-bottom:35px;--awb-caption-title-font-family:var(--h2_typography-font-family);--awb-caption-title-font-weight:var(--h2_typography-font-weight);--awb-caption-title-font-style:var(--h2_typography-font-style);--awb-caption-title-size:var(--h2_typography-font-size);--awb-caption-title-transform:var(--h2_typography-text-transform);--awb-caption-title-line-height:var(--h2_typography-line-height);--awb-caption-title-letter-spacing:var(--h2_typography-letter-spacing);\"><span class=\" fusion-imageframe imageframe-none imageframe-1 hover-type-none\"><img decoding=\"async\" width=\"304\" height=\"198\" alt=\"TT-Cracks Anno dazumal\" title=\"TT Cracks Anno dazumal\" src=\"http:\/\/tt-bruchhausen.de\/Web\/wp-content\/uploads\/2014\/05\/hcttalt.jpg\" class=\"img-responsive wp-image-140\" srcset=\"http:\/\/tt-bruchhausen.de\/Web\/wp-content\/uploads\/2014\/05\/hcttalt-300x195.jpg 300w, http:\/\/tt-bruchhausen.de\/Web\/wp-content\/uploads\/2014\/05\/hcttalt.jpg 304w\" sizes=\"(max-width: 304px) 100vw, 304px\" \/><\/span><\/div>\n<p>Der Tischtennisverein wurde 1954 als eigenst\u00e4ndiger Club gegr\u00fcndet. Im Jahr 1956 schloss man sich dann doch dem Hauptverein an. Oberbegriff war zu der Zeit auch schon TuS Bruchhausen. Der Tischtennisclub begann seinen Spielbetrieb mit zwei Seniorenteams, wobei die erste Herren doch mehr im Vordergrund stand. In diesen Jahren war es schwer geeignete Spiellokale zu finden und so ist es nicht verwunderlich, dass in der Sch\u00fctzenhalle, ja selbst im Hotel zur Post Tische aufgebaut wurden, um den kleinen Ball zu spielen. Das war auch einer der Gr\u00fcnde daf\u00fcr das auf Sch\u00fcler oder Jugendteams vorerst verzichtet wurde. In den \u201e golden sixtees \u201e schaffte die erste Herren den Aufstieg in die Bezirksklasse. Weitere Erfolge blieben nicht aus und man konnte dreimal den begehrten Kreispokal mit in das Vereinslokal holen.<\/p>\n<p>Die damaligen Helden hie\u00dfen: Franz Schl\u00fcter, Friedhelm Reuther und Aloys Schulte. Aber auch Spieler wie Josef Reuther, Helmut Stodt, Willi Sprenger, Fritz Dr\u00f6ge, Eugen Frankenberg u. v. a. sollen in dieser Chronik einen festen Platz einnehmen. Mit diesen Spielern hatte der TuS einen festen und zuverl\u00e4ssigen Stamm, auf dem es sich weiter aufbauen lie\u00df.<\/p>\n<\/div><div class=\"content-box-shortcode-timeline-vertical\" style=\"border-color:var(--awb-color5);left:75px;top:60px;-webkit-transition-duration: 350ms;animation-duration: 350ms;\"><\/div><\/div><\/div><div style=\"--awb-backgroundcolor:var(--awb-color2);--awb-iconcolor:var(--awb-color1);--awb-content-padding-left:70px;\" class=\"fusion-column content-box-column content-box-column content-box-column-2 col-lg-12 col-md-12 col-sm-12 fusion-content-box-hover content-box-column-last-in-row\"><div class=\"col content-box-wrapper content-wrapper-background link-area-link-icon content-icon-wrapper-yes icon-hover-animation-fade fusion-animated\" data-animationType=\"fadeIn\" data-animationDuration=\"0.25\" data-animationOffset=\"top-into-view\"><div class=\"heading heading-with-icon icon-left\" style=\"margin-top:11px;\"><div class=\"icon\" style=\"margin-top:-11px;margin-bottom:-11px;-webkit-animation-duration: 350ms;animation-duration: 350ms;\"><span style=\"height:48px;width:48px;line-height:24px;border-color:var(--awb-color5);border-width:1px;border-style:solid;background-color:var(--awb-color5);margin-right:20px;box-sizing:content-box;border-radius:100%;\"><i style=\"border-color:var(--awb-color7);border-width:0px;background-color:var(--awb-color5);box-sizing:content-box;height:48px;width:48px;line-height:48px;border-radius:100%;position:relative;top:auto;left:auto;margin:0;border-radius:100%;font-size:24px;\" aria-hidden=\"true\" class=\"fontawesome-icon fa-child fas circle-yes\"><\/i><\/span><\/div><h3 class=\"content-box-heading fusion-responsive-typography-calculated\" style=\"--h3_typography-font-size:28px;--fontSize:28;line-height:var(--awb-typography1-line-height);\">Anno 1975..<\/h3><\/div><div class=\"fusion-clearfix\"><\/div><div class=\"content-container\">\n<p>Nun war es an der Zeit den Nachwuchsbereich aufzubauen, da bekanntlich ohne gezielte Sch\u00fcler und Jugendarbeit kein Verein \u00fcberleben kann. Nur auf diesem Wege war es m\u00f6glich Nachwuchs f\u00fcr die Seniorenteams zu sichten. Am Anfang Burkhard Molitor, Josef Walter und Winfried Zimmermann und sp\u00e4ter Armin Specka, Achim K\u00f6sling und der sehr angagierte Manfred Niemand bauten einen starken Nachwuchs auf. Da heute auch schon f\u00fcr Kreisklassen und Kreisligen Abl\u00f6se gezahlt werden muss, war es die g\u00fcnstigste Variante starke Spieler zu bekommen und an die Herrenmannschaften heran zu f\u00fchren. Die Sch\u00fcler und Jugendarbeit wurde beim TuS au\u00dferordentlich erfolgreich betrieben und so erspielte der Nachwuchs auch bald die ersten Titel. In den 80er Jahren spielte die Jugend in der Bezirksliga, was im Jugendbereich schon ein sehr anspruchsvolles Spiel erfordert. Markus Sch\u00e4fer, Thorsten Klenk, Klaus Dieter Dirk u. v. a. zeigten hier schon das es nicht lange dauern w\u00fcrde, bis sie an die T\u00fcren der Herrenmannschaften klopfen sollten. Die zweite Jungenmannschaft spielte in der Kreisliga und war ebenfalls mit sehr guten Spielern best\u00fcckt, so das sich der TuS keine Nachwuchssorgen f\u00fcr die Herrenteams machen musste. Ab 1986 wurden sechs Mannschaften, darunter drei Seniorenteams gemeldet. Hier sollten auch noch Spieler und Helfer, die dem TT Sport immer zur Verf\u00fcgung standen, erw\u00e4hnt werden. W. Stiefermann, B. Heimann, K. Pingel und viele andere gaben dem Verein durch ihren Einsatz den n\u00f6tigen R\u00fcckhalt und so ist es auch mit zu erkl\u00e4ren, dass der Verein bis heute ein fester Bestandteil des Gesamtvereins ist. In den 90er Jahren wurde der TuS durch Spieler wie M. Niemand, T. Klenk, J. Walter, M. Sch\u00e4fer, R. Butterweck, A. K\u00f6sling und H. Coels insgesamt dreimal Kreispokalsieger. Zweimal wurde der Aufstieg in die Bezirksklasse geschafft, was vorher nur den TuS S\u00e4ulen Schl\u00fcter, Reuther und Schulte gelungen war.<\/p>\n<p>Aktuelle Situation:<\/p>\n<p>Zur Zeit spielen drei Seniorenteams, wobei die erste Herren in der Kreisliga, die zweite in der 1. KK und die dritte Herren in der 2. KK spielen. Im Nachwuchsbereich sind Jungen, Sch\u00fcler und M\u00e4dchenmannschaften gemeldet.<\/p>\n<\/div><div class=\"content-box-shortcode-timeline-vertical\" style=\"border-color:var(--awb-color5);left:75px;top:60px;-webkit-transition-duration: 350ms;animation-duration: 350ms;\"><\/div><\/div><\/div><div style=\"--awb-backgroundcolor:var(--awb-color2);--awb-iconcolor:var(--awb-color1);--awb-content-padding-left:70px;\" class=\"fusion-column content-box-column content-box-column content-box-column-3 col-lg-12 col-md-12 col-sm-12 fusion-content-box-hover content-box-column-last-in-row\"><div class=\"col content-box-wrapper content-wrapper-background link-area-link-icon content-icon-wrapper-yes icon-hover-animation-fade fusion-animated\" data-animationType=\"fadeIn\" data-animationDuration=\"0.25\" data-animationOffset=\"top-into-view\"><div class=\"heading heading-with-icon icon-left\" style=\"margin-top:11px;\"><div class=\"icon\" style=\"margin-top:-11px;margin-bottom:-11px;-webkit-animation-duration: 350ms;animation-duration: 350ms;\"><span style=\"height:48px;width:48px;line-height:24px;border-color:var(--awb-color5);border-width:1px;border-style:solid;background-color:var(--awb-color5);margin-right:20px;box-sizing:content-box;border-radius:100%;\"><i style=\"border-color:var(--awb-color7);border-width:0px;background-color:var(--awb-color5);box-sizing:content-box;height:48px;width:48px;line-height:48px;border-radius:100%;position:relative;top:auto;left:auto;margin:0;border-radius:100%;font-size:24px;\" aria-hidden=\"true\" class=\"fontawesome-icon fa-trophy fas circle-yes\"><\/i><\/span><\/div><h3 class=\"content-box-heading fusion-responsive-typography-calculated\" style=\"--h3_typography-font-size:28px;--fontSize:28;line-height:var(--awb-typography1-line-height);\">Anno 2011..<\/h3><\/div><div class=\"fusion-clearfix\"><\/div><div class=\"content-container\">\n<p>Das Jahr\/Saison 2010\/11 endete sehr erfolgreich f\u00fcr den TuS. Die 1. Herren konnte fr\u00fch den Klassenerhalt in der Kreisliga Gruppe 2 feiern. Das Team bestand aus Chistian Macioszek, Achim K\u00f6sling, Tobias Walter, Martin Hunker, Benedikt Niemand und Robert Dickner.<\/p>\n<p>Die 2. Herren konnte den Aufstieg in die Kreisliga Gruppe 1 feiern. Das Team bestand aus Andreas Ril, Josef Walter, Dirk K\u00f6sling, Manfred Niemand, Horst Coels, Christian Reimann und Dietmar Weber.<\/p>\n<p>Der 3. Herren gelang ebenfalls der Aufstieg in die 2 KK. Armin Specka, Dietmar Weber (R\u00fcckrunde), Fabian Willeke, Jan und Jens Remken, Christoph Henneb\u00f6hl, Andreas Gladitz, Stefan Papenkort und Stefan Kramer legten eine tolle Serie hin und siegten im entscheidenden Match in der Aufstiegsrunde.<\/p>\n<\/div><div class=\"content-box-shortcode-timeline-vertical\" style=\"border-color:var(--awb-color5);left:75px;top:60px;-webkit-transition-duration: 350ms;animation-duration: 350ms;\"><\/div><\/div><\/div><div style=\"--awb-backgroundcolor:var(--awb-color2);--awb-iconcolor:var(--awb-color1);--awb-content-padding-left:70px;\" class=\"fusion-column content-box-column content-box-column content-box-column-4 col-lg-12 col-md-12 col-sm-12 fusion-content-box-hover content-box-column-last-in-row\"><div class=\"col content-box-wrapper content-wrapper-background link-area-link-icon content-icon-wrapper-yes icon-hover-animation-fade fusion-animated\" data-animationType=\"fadeIn\" data-animationDuration=\"0.25\" data-animationOffset=\"top-into-view\"><div class=\"heading heading-with-icon icon-left\" style=\"margin-top:11px;\"><div class=\"icon\" style=\"margin-top:-11px;margin-bottom:-11px;-webkit-animation-duration: 350ms;animation-duration: 350ms;\"><span style=\"height:48px;width:48px;line-height:24px;border-color:var(--awb-color5);border-width:1px;border-style:solid;background-color:var(--awb-color5);margin-right:20px;box-sizing:content-box;border-radius:100%;\"><i style=\"border-color:var(--awb-color7);border-width:0px;background-color:var(--awb-color5);box-sizing:content-box;height:48px;width:48px;line-height:48px;border-radius:100%;position:relative;top:auto;left:auto;margin:0;border-radius:100%;font-size:24px;\" aria-hidden=\"true\" class=\"fontawesome-icon fa-table-tennis fas circle-yes\"><\/i><\/span><\/div><h3 class=\"content-box-heading fusion-responsive-typography-calculated\" style=\"--h3_typography-font-size:28px;--fontSize:28;line-height:var(--awb-typography1-line-height);\">Anno 2012..<\/h3><\/div><div class=\"fusion-clearfix\"><\/div><div class=\"content-container\">\n<p>Das Jahr 2012, bzw. die Saison 2011\/12 musste zeigen, ob die 1. Herren ihre Ambizionen Richtung oberes Drittel umsetzen und die 2. und die 3. als Aufsteiger die Klasse halten konnte.<\/p>\n<p>Alle Aufsteiger konnten die Klasse halten, wobei die 2. Herren, wie auch die 1. in der Kreisliga spielend, sicherlich etwas Gl\u00fcck hatte, da sie sehr selten komplett antreten konnte. Die 3. hat sich gut geschlagen und spielt auch in der Saison 2012\/13 in der 2. Kreisklasse.<\/p>\n<p>Unsere Top Mannschaft hat einen guten 7. Platz erspielt und nach Jahren wieder einen positiven Punktestand erk\u00e4mpft. Alle sind gespannt auf die kommende Saison, denn da ist auf Grund des Altersschnitts und spielerisch noch Luft nach oben.<\/p>\n<p>Ab September 2012 spielen die Herren Mannschaften in den selben Klassen wie in der Vorsaison, alle Teams konnten die Klasse halten.<\/p>\n<\/div><div class=\"content-box-shortcode-timeline-vertical\" style=\"border-color:var(--awb-color5);left:75px;top:60px;-webkit-transition-duration: 350ms;animation-duration: 350ms;\"><\/div><\/div><\/div><div style=\"--awb-backgroundcolor:var(--awb-color2);--awb-iconcolor:var(--awb-color1);--awb-content-padding-left:70px;\" class=\"fusion-column content-box-column content-box-column content-box-column-5 col-lg-12 col-md-12 col-sm-12 fusion-content-box-hover content-box-column-last-in-row\"><div class=\"col content-box-wrapper content-wrapper-background link-area-link-icon content-icon-wrapper-yes icon-hover-animation-fade fusion-animated\" data-animationType=\"fadeIn\" data-animationDuration=\"0.25\" data-animationOffset=\"top-into-view\"><div class=\"heading heading-with-icon icon-left\" style=\"margin-top:11px;\"><div class=\"icon\" style=\"margin-top:-11px;margin-bottom:-11px;-webkit-animation-duration: 350ms;animation-duration: 350ms;\"><span style=\"height:48px;width:48px;line-height:24px;border-color:var(--awb-color5);border-width:1px;border-style:solid;background-color:var(--awb-color5);margin-right:20px;box-sizing:content-box;border-radius:100%;\"><i style=\"border-color:var(--awb-color7);border-width:0px;background-color:var(--awb-color5);box-sizing:content-box;height:48px;width:48px;line-height:48px;border-radius:100%;position:relative;top:auto;left:auto;margin:0;border-radius:100%;font-size:24px;\" aria-hidden=\"true\" class=\"fontawesome-icon fa-trophy fas circle-yes\"><\/i><\/span><\/div><h3 class=\"content-box-heading fusion-responsive-typography-calculated\" style=\"--h3_typography-font-size:28px;--fontSize:28;line-height:var(--awb-typography1-line-height);\">Anno 2014..<\/h3><\/div><div class=\"fusion-clearfix\"><\/div><div class=\"content-container\">\n<p>Ab September 2013 spielten die Herren Mannschaften einer der besten Saisons der letzten Jahrzente.<\/p>\n<p>Die 1. wurde mit ihrem starken Neuzugang Gerrit M\u00f6ller Vizemeister und hat den Aufstieg in die Bezirksklasse geschafft. Das Team bestand aus Gerrit M\u00f6ller, Christian Macioszek, Tobias Walter, Robert Dickner, Josef Walter und Achim K\u00f6sling. Ausgeholfen haben Manfred Niemand, Benedikt Niemand, Christian Reimann, Martin Hunker und Dirk K\u00f6sling.<\/p>\n<p>Die 2. Mannschaft (Kreisliga Gruppe 1) war sehr schnell aus dem Abstiegskampf heraus und konnte einen guten 7. Platz erspielen. Martin Hunker, Benedikt Niemand, Dirk K\u00f6sling, Manfred Niemand, Christian Reimann, Armin Specka und Horst Coels (Hinrunde und zwei Eins\u00e4tze in der R\u00fcckrunde), bildeten den Stamm des Teams. Ausgeholfen haben Sebastian Leben, Stefan Kramer, Niklas Elsner und Jan Remken.<\/p>\n<p>Die 3. Mannschaft sorgte mit einer fulminanten R\u00fcckrunde (20:2 Punkte) f\u00fcr die beste Saison einer dritten Mannschaft des TuS. Sie erreichten einen achtbaren dritten Platz und haben\u00a0den Aufstieg in die 1. Kreisklasse geschafft.<\/p>\n<p>Unsere Jungen belegten einen guten zweiten Rang, der den Titel des Vizemeisters bedeutet. Es spielten Sebastian Leben, Niklas Elsner, Lars Gr\u00fcter, Steven Gerlt, Lars Schulte und Frederik Klenk.<\/p>\n<p>Die M\u00e4dchen wurden ebenfalls Vizemeister. Janine Keggenhoff, Melina K\u00f6sling (ungeschlagen), Alanis Weber, Alexandra Klassen, Lea Schnettler und Franziska Risse holten den Titel f\u00fcr den TuS.<\/p>\n<\/div><div class=\"content-box-shortcode-timeline-vertical\" style=\"border-color:var(--awb-color5);left:75px;top:60px;-webkit-transition-duration: 350ms;animation-duration: 350ms;\"><\/div><\/div><\/div><div style=\"--awb-backgroundcolor:var(--awb-color2);--awb-iconcolor:var(--awb-color1);--awb-content-padding-left:70px;\" class=\"fusion-column content-box-column content-box-column content-box-column-6 col-lg-12 col-md-12 col-sm-12 fusion-content-box-hover content-box-column-last-in-row\"><div class=\"col content-box-wrapper content-wrapper-background link-area-link-icon content-icon-wrapper-yes icon-hover-animation-fade fusion-animated\" data-animationType=\"fadeIn\" data-animationDuration=\"0.25\" data-animationOffset=\"top-into-view\"><div class=\"heading heading-with-icon icon-left\" style=\"margin-top:11px;\"><div class=\"icon\" style=\"margin-top:-11px;margin-bottom:-11px;-webkit-animation-duration: 350ms;animation-duration: 350ms;\"><span style=\"height:48px;width:48px;line-height:24px;border-color:var(--awb-color5);border-width:1px;border-style:solid;background-color:var(--awb-color5);margin-right:20px;box-sizing:content-box;border-radius:100%;\"><i style=\"border-color:var(--awb-color7);border-width:0px;background-color:var(--awb-color5);box-sizing:content-box;height:48px;width:48px;line-height:48px;border-radius:100%;position:relative;top:auto;left:auto;margin:0;border-radius:100%;font-size:24px;\" aria-hidden=\"true\" class=\"fontawesome-icon fa-table-tennis fas circle-yes\"><\/i><\/span><\/div><h3 class=\"content-box-heading fusion-responsive-typography-calculated\" style=\"--h3_typography-font-size:28px;--fontSize:28;line-height:var(--awb-typography1-line-height);\">Anno 2015..<\/h3><\/div><div class=\"fusion-clearfix\"><\/div><div class=\"content-container\">\n<p>Melina K\u00f6sling legte eine tolle Saison hin und wurde zudem Sieger der Kreisranglistenendrunde.<\/p>\n<p>Die 1. Mannschaft hat die Bezirksklasse halten k\u00f6nnen, was vor der aktuellen Mannschaft noch kein Team erreichen konnte. Nach dem Aufstiegsjahr ist jede TuS Mannschaft direkt wieder abgestiegen.<\/p>\n<p>Gerrit M\u00f6ller, der wohl st\u00e4rkste Spieler der TuS Historie wechselt zum TTV Neheim-H\u00fcsten und das k\u00f6nnte bedeuten, dass es im Jahr 2015\/16 sehr schwer werden wird, die Klasse erneut zu halten.<\/p>\n<p>Sebastian Leben hat den Sprung in die 1. Herren schaffen k\u00f6nnen und wird Stammspieler der kommenden Saison.<\/p>\n<p>Die 2. war schnell gesichert und somit war die Spannung raus. Sie legte eine schlechte R\u00fcckrunde hin und wird sich in der \u00a0kommenden Saison neu ausrichten m\u00fcssen.<\/p>\n<p>Die 3. konnte die Klasse halten, was als Erfolg zu sehen ist. Auch hier werden die Karten neu gemischt werden m\u00fcssen, da nach dem R\u00fccktritt von Horst Coels und dem Wechsel von Gerrit M\u00f6ller die Mannschaften neu aufgestellt werden.<\/p>\n<p>Im M\u00e4rz 2015 wollte Horst Coels seine Laufbahn beenden, half aber in der Hinrunde in der 1. und 2. wegen vieler Verletzungen einiger Spieler aus. In der R\u00fcckrunde stand er nicht mehr zur Verf\u00fcgung.<\/p>\n<\/div><div class=\"content-box-shortcode-timeline-vertical\" style=\"border-color:var(--awb-color5);left:75px;top:60px;-webkit-transition-duration: 350ms;animation-duration: 350ms;\"><\/div><\/div><\/div><div style=\"--awb-backgroundcolor:var(--awb-color2);--awb-iconcolor:var(--awb-color1);--awb-content-padding-left:70px;\" class=\"fusion-column content-box-column content-box-column content-box-column-7 col-lg-12 col-md-12 col-sm-12 fusion-content-box-hover content-box-column-last-in-row\"><div class=\"col content-box-wrapper content-wrapper-background link-area-link-icon content-icon-wrapper-yes icon-hover-animation-fade fusion-animated\" data-animationType=\"fadeIn\" data-animationDuration=\"0.25\" data-animationOffset=\"top-into-view\"><div class=\"heading heading-with-icon icon-left\" style=\"margin-top:11px;\"><div class=\"icon\" style=\"margin-top:-11px;margin-bottom:-11px;-webkit-animation-duration: 350ms;animation-duration: 350ms;\"><span style=\"height:48px;width:48px;line-height:24px;border-color:var(--awb-color5);border-width:1px;border-style:solid;background-color:var(--awb-color5);margin-right:20px;box-sizing:content-box;border-radius:100%;\"><i style=\"border-color:var(--awb-color7);border-width:0px;background-color:var(--awb-color5);box-sizing:content-box;height:48px;width:48px;line-height:48px;border-radius:100%;position:relative;top:auto;left:auto;margin:0;border-radius:100%;font-size:24px;\" aria-hidden=\"true\" class=\"fontawesome-icon fa-table-tennis fas circle-yes\"><\/i><\/span><\/div><h3 class=\"content-box-heading fusion-responsive-typography-calculated\" style=\"--h3_typography-font-size:28px;--fontSize:28;line-height:var(--awb-typography1-line-height);\">Anno 2016..<\/h3><\/div><div class=\"fusion-clearfix\"><\/div><div class=\"content-container\">\n<p>Vier Senioren und zwei Nachwuchsmannschaften gingen 2015\/16 an die Tische. Die M\u00e4dchen konnten kein Team mehr stellen. Die Jungen konnte den Meistertitel erspielen. J van Bargen, M. Schneider, A. Klassen und A. Weber wurden souver\u00e4n Erster\u00a0der Jungen Kreisklasse.<\/p>\n<p>Die 1.\u00a0die 2. und 3. Herren konnten die Klasse halten, wobei die 3. Herren als Aufsteiger f\u00fcr eine kleine \u00dcberraschung sorgen konnten.<\/p>\n<\/div><div class=\"content-box-shortcode-timeline-vertical\" style=\"border-color:var(--awb-color5);left:75px;top:60px;-webkit-transition-duration: 350ms;animation-duration: 350ms;\"><\/div><\/div><\/div><div style=\"--awb-backgroundcolor:var(--awb-color2);--awb-iconcolor:var(--awb-color1);--awb-content-padding-left:70px;\" class=\"fusion-column content-box-column content-box-column content-box-column-8 col-lg-12 col-md-12 col-sm-12 fusion-content-box-hover content-box-column-last-in-row\"><div class=\"col content-box-wrapper content-wrapper-background link-area-link-icon content-icon-wrapper-yes icon-hover-animation-fade fusion-animated\" data-animationType=\"fadeIn\" data-animationDuration=\"0.25\" data-animationOffset=\"top-into-view\"><div class=\"heading heading-with-icon icon-left\" style=\"margin-top:11px;\"><div class=\"icon\" style=\"margin-top:-11px;margin-bottom:-11px;-webkit-animation-duration: 350ms;animation-duration: 350ms;\"><span style=\"height:48px;width:48px;line-height:24px;border-color:var(--awb-color5);border-width:1px;border-style:solid;background-color:var(--awb-color5);margin-right:20px;box-sizing:content-box;border-radius:100%;\"><i style=\"border-color:var(--awb-color7);border-width:0px;background-color:var(--awb-color5);box-sizing:content-box;height:48px;width:48px;line-height:48px;border-radius:100%;position:relative;top:auto;left:auto;margin:0;border-radius:100%;font-size:24px;\" aria-hidden=\"true\" class=\"fontawesome-icon fa-table-tennis fas circle-yes\"><\/i><\/span><\/div><h3 class=\"content-box-heading fusion-responsive-typography-calculated\" style=\"--h3_typography-font-size:28px;--fontSize:28;line-height:var(--awb-typography1-line-height);\">Anno 2017..<\/h3><\/div><div class=\"fusion-clearfix\"><\/div><div class=\"content-container\">\n<p>Zwei Nachwuchsteams und drei Herrenmannschaften konnten eine hervorragende Saison 2016\/17 vorzeigen.<\/p>\n<p>Die 1. konnte sich durch Jens Drescher verst\u00e4rken und hatte zu keiner Zeit etwas mit dem Abstieg zu tun. Im kommenden Jahr kehrt Sebastian Leben zur\u00fcck und somit kann durchaus nach h\u00f6herem gestrebt werden.<\/p>\n<p>Die \u201eReserve\u201c musste in die Relegation, in der sie den Klassenerhalt dingfest machen konnte.<\/p>\n<p>Die 3. konnte die Vizemeisterschaft erspielen und steigt somit auf. Hier muss Benne als Top Spieler erw\u00e4hnt werden. Mit 24:0 Siegen konnte er fast im Alleingang den Aufstieg sichern. Hinzu kamen Stefan Kramer, Christoph Henneb\u00f6hl, Janik van Bargen und Horst Coels.<\/p>\n<p>Ebenfalls aufgestiegen sind die Jungen, die wieder auf Bezirksebene antreten werden. Die Sch\u00fcler belegten einen guten Mittelfeldpatz.<\/p>\n<p>2017\/18 werden drei Herren, Sch\u00fcler und ein Jungenteam f\u00fcr den TuS an die Platten gehen.<\/p>\n<p>Manfred Niemand wurde f\u00fcr 40 Jahre aktive Arbeit f\u00fcr den TT geehrt.<\/p>\n<\/div><div class=\"content-box-shortcode-timeline-vertical\" style=\"border-color:var(--awb-color5);left:75px;top:60px;-webkit-transition-duration: 350ms;animation-duration: 350ms;\"><\/div><\/div><\/div><div style=\"--awb-backgroundcolor:var(--awb-color2);--awb-iconcolor:var(--awb-color1);--awb-content-padding-left:70px;\" class=\"fusion-column content-box-column content-box-column content-box-column-9 col-lg-12 col-md-12 col-sm-12 fusion-content-box-hover content-box-column-last-in-row\"><div class=\"col content-box-wrapper content-wrapper-background link-area-link-icon content-icon-wrapper-yes icon-hover-animation-fade fusion-animated\" data-animationType=\"fadeIn\" data-animationDuration=\"0.25\" data-animationOffset=\"top-into-view\"><div class=\"heading heading-with-icon icon-left\" style=\"margin-top:11px;\"><div class=\"icon\" style=\"margin-top:-11px;margin-bottom:-11px;-webkit-animation-duration: 350ms;animation-duration: 350ms;\"><span style=\"height:48px;width:48px;line-height:24px;border-color:var(--awb-color5);border-width:1px;border-style:solid;background-color:var(--awb-color5);margin-right:20px;box-sizing:content-box;border-radius:100%;\"><i style=\"border-color:var(--awb-color7);border-width:0px;background-color:var(--awb-color5);box-sizing:content-box;height:48px;width:48px;line-height:48px;border-radius:100%;position:relative;top:auto;left:auto;margin:0;border-radius:100%;font-size:24px;\" aria-hidden=\"true\" class=\"fontawesome-icon fa-trophy fas circle-yes\"><\/i><\/span><\/div><h3 class=\"content-box-heading fusion-responsive-typography-calculated\" style=\"--h3_typography-font-size:28px;--fontSize:28;line-height:var(--awb-typography1-line-height);\">Anno 2018..<\/h3><\/div><div class=\"fusion-clearfix\"><\/div><div class=\"content-container\">\n<p>2017\/18 gingen drei Herren, Sch\u00fcler und ein Jungenteam f\u00fcr den TuS an die Platten.<\/p>\n<p>Die 1. Herren hat sich f\u00fcr eine starke Saison mit dem vorzeitigen Aufstieg in die Bezirksliga belohnt. Bereits vier Spieltage vor dem Ende konnte die Mannschaft TuS Geschichte schreiben. Mehr als Bezirksklasse war nie drin, nun spielt man in der Bezirksliga. Durch den Neuzugang von Jens Drescher und der R\u00fcckkehr von Sebastian Leben konnte sich das Team enorm verst\u00e4rken und sorgte mit sensationellen Spielen f\u00fcr viel Freude.<\/p>\n<p>Zum Stamm z\u00e4hlen\u00a0<strong>Martin Hunker, Tobias Walter, Jens Drescher, Sebastian Leben, Christian Macioszek und Robert Dickner.<\/strong><\/p>\n<p><strong>Die Jungen<\/strong>\u00a0stehen als Meister ebenfalls fest und werden in die Bezirksklasse aufsteigen k\u00f6nnen.<\/p>\n<p><strong>Die 2.<\/strong>\u00a0belegte Platz 5\u00a0 und hatte von Beginn an nichts mit dem Abstieg zu tun.<\/p>\n<p>Team\u00a0<strong>Nummer drei<\/strong>\u00a0wurde als Aufsteiger Vizemeister, und konnte den erneuten Aufstieg in die erste Kreisklasse feiern.<\/p>\n<p><strong>Fazit: es ist die erflogreichste TuS Saison aller Zeiten<\/strong><\/p>\n<\/div><div class=\"content-box-shortcode-timeline-vertical\" style=\"border-color:var(--awb-color5);left:75px;top:60px;-webkit-transition-duration: 350ms;animation-duration: 350ms;\"><\/div><\/div><\/div><div style=\"--awb-backgroundcolor:var(--awb-color2);--awb-iconcolor:var(--awb-color1);--awb-content-padding-left:70px;\" class=\"fusion-column content-box-column content-box-column content-box-column-10 col-lg-12 col-md-12 col-sm-12 fusion-content-box-hover content-box-column-last-in-row\"><div class=\"col content-box-wrapper content-wrapper-background link-area-link-icon content-icon-wrapper-yes icon-hover-animation-fade fusion-animated\" data-animationType=\"fadeIn\" data-animationDuration=\"0.25\" data-animationOffset=\"top-into-view\"><div class=\"heading heading-with-icon icon-left\" style=\"margin-top:11px;\"><div class=\"icon\" style=\"margin-top:-11px;margin-bottom:-11px;-webkit-animation-duration: 350ms;animation-duration: 350ms;\"><span style=\"height:48px;width:48px;line-height:24px;border-color:var(--awb-color5);border-width:1px;border-style:solid;background-color:var(--awb-color5);margin-right:20px;box-sizing:content-box;border-radius:100%;\"><i style=\"border-color:var(--awb-color7);border-width:0px;background-color:var(--awb-color5);box-sizing:content-box;height:48px;width:48px;line-height:48px;border-radius:100%;position:relative;top:auto;left:auto;margin:0;border-radius:100%;font-size:24px;\" aria-hidden=\"true\" class=\"fontawesome-icon fa-table-tennis fas circle-yes\"><\/i><\/span><\/div><h3 class=\"content-box-heading fusion-responsive-typography-calculated\" style=\"--h3_typography-font-size:28px;--fontSize:28;line-height:var(--awb-typography1-line-height);\">Anno 2020\/21<\/h3><\/div><div class=\"fusion-clearfix\"><\/div><div class=\"content-container\">\n<p>Das Jahr h\u00e4tte das erfolgreichste werden k\u00f6nnen, w\u00e4re da nicht Corona.<\/p>\n<p>Die 1. Herren war Tabellenf\u00fchrer, aber die Saison wurde kurz vor Beendigung der Hinrunde annulliert.<\/p>\n<p>So stand man mit leeren H\u00e4nden da.<\/p>\n<p>Neuzug\u00e4nge gab es auch; so konnte die 2. Herren auf Frank Storm, der von Freienohl zum TuS wechselte, zur\u00fcck greifen.<\/p>\n<p>Ebenfalls hinzu aus Freienohl kam Marcus Skotarzik, der direkt den Sprung in die 1. Herren schaffen konnte.<\/p>\n<p>Was aber als positiv zu sehen ist, dass es wenig Frust gab, sondern das\u00a0 ein \u201ejetzt erst recht\u201c Gef\u00fchl sp\u00fcrbar war. Man werde in der Folgesaison neu angreifen.<\/p>\n<\/div><div class=\"content-box-shortcode-timeline-vertical\" style=\"border-color:var(--awb-color5);left:75px;top:60px;-webkit-transition-duration: 350ms;animation-duration: 350ms;\"><\/div><\/div><\/div><div style=\"--awb-backgroundcolor:var(--awb-color2);--awb-iconcolor:var(--awb-color1);--awb-content-padding-left:70px;\" class=\"fusion-column content-box-column content-box-column content-box-column-11 col-lg-12 col-md-12 col-sm-12 fusion-content-box-hover content-box-column-last-in-row\"><div class=\"col content-box-wrapper content-wrapper-background link-area-link-icon content-icon-wrapper-yes icon-hover-animation-fade fusion-animated\" data-animationType=\"fadeIn\" data-animationDuration=\"0.25\" data-animationOffset=\"top-into-view\"><div class=\"heading heading-with-icon icon-left\" style=\"margin-top:11px;\"><div class=\"icon\" style=\"margin-top:-11px;margin-bottom:-11px;-webkit-animation-duration: 350ms;animation-duration: 350ms;\"><span style=\"height:48px;width:48px;line-height:24px;border-color:var(--awb-color5);border-width:1px;border-style:solid;background-color:var(--awb-color5);margin-right:20px;box-sizing:content-box;border-radius:100%;\"><i style=\"border-color:var(--awb-color7);border-width:0px;background-color:var(--awb-color5);box-sizing:content-box;height:48px;width:48px;line-height:48px;border-radius:100%;position:relative;top:auto;left:auto;margin:0;border-radius:100%;font-size:24px;\" aria-hidden=\"true\" class=\"fontawesome-icon fa-table-tennis fas circle-yes\"><\/i><\/span><\/div><h3 class=\"content-box-heading fusion-responsive-typography-calculated\" style=\"--h3_typography-font-size:28px;--fontSize:28;line-height:var(--awb-typography1-line-height);\">Anno 2021\/22<\/h3><\/div><div class=\"fusion-clearfix\"><\/div><div class=\"content-container\">\n<p>Drei Senioren Teams konnten gestellt werden. Hinzu kommen vier Nachwuchs Mannschaften.<\/p>\n<p>Neuzugang Julian Rock (TTV Neheim-H\u00fcsten) verst\u00e4rkt die 1. Herren und f\u00fchrte sich nicht nur spielerisch gut ein.<\/p>\n<p>Das Team lag bis zum vorletzten Spieltag der Hinrunde auf Rang 2, unterlag aber beim Spitzenreiter Warstein und fiel somit auf Rand 3 zur\u00fcck.<\/p>\n<p>Die Hinrunde wurde somit auf Platz 3 beendet, was nicht zum direkten Aufstieg in die Landesliga reichen w\u00fcrde. Umso mehr muss auf die R\u00fcckrunde gehofft werden, sollte sie \u00fcberhaupt ausgetragen werden, da auch in dieser Saison das Virus f\u00fcr reichlich Unklarheiten sorgen k\u00f6nnte.<\/p>\n<p>Als kleine Sensation kann ein spektakul\u00e4rer Neuzugang verzeichnet werden. Andreas Becker, der seit geraumer Zeit in Bruchhausen wohnt, k\u00f6nnte in der R\u00fcckrunde eingesetzt werden. Es ist noch ungewiss, wie oft und ob er \u00fcberhaupt spielen wird, aber sollte das der Fall sein, w\u00fcrde die 1. Herren noch st\u00e4rker werden k\u00f6nnen, als sie es jetzt schon sind.<\/p>\n<p>Er spielte bisher f\u00fcr Menden, die in der Landesliga Gruppe 4, hatte in der Saison aber noch keinen Einsatz, sollte aber auf Grund seiner St\u00e4rke durch einige Trainingseinheiten schnell Anschluss finden.<\/p>\n<p>Die 2. Herren sorgt f\u00fcr Furore in der Bezirksklasse, da sie als Aufsteiger mit Oben stehen. Lediglich das Spielverh\u00e4ltnis ist schlechter als das des Tabellenf\u00fchrers Lipperbruch. Drei Teams weisen 13:3 Punkte auf, was f\u00fcr eine spannende R\u00fcckrunde spricht.<\/p>\n<p>Hoffen wir f\u00fcr die Protagonisten, das diese Saison zu Ende erspielt werden kann.<\/p>\n<p><strong>7.3.2022.<\/strong><\/p>\n<p>Leider ist es so wie bef\u00fcrchtet eingetroffen; die Saison wurde zur Halbserie als beendet gewertet. Somit steht die 1. Herren mit leeren H\u00e4nden da.<\/p>\n<p>Platz drei reicht nicht einmal zur Relagation.<\/p>\n<p>Die 2. kommt als Aufsteiger in den Genu\u00df der Aufstiegsrunde in die Bezirksliga.<\/p>\n<\/div><div class=\"content-box-shortcode-timeline-vertical\" style=\"border-color:var(--awb-color5);left:75px;top:60px;-webkit-transition-duration: 350ms;animation-duration: 350ms;\"><\/div><\/div><\/div><div style=\"--awb-backgroundcolor:var(--awb-color2);--awb-iconcolor:var(--awb-color1);--awb-content-padding-left:70px;\" class=\"fusion-column content-box-column content-box-column content-box-column-12 col-lg-12 col-md-12 col-sm-12 fusion-content-box-hover content-box-column-last-in-row\"><div class=\"col content-box-wrapper content-wrapper-background link-area-link-icon content-icon-wrapper-yes icon-hover-animation-fade fusion-animated\" data-animationType=\"fadeIn\" data-animationDuration=\"0.25\" data-animationOffset=\"top-into-view\"><div class=\"heading heading-with-icon icon-left\" style=\"margin-top:11px;\"><div class=\"icon\" style=\"margin-top:-11px;margin-bottom:-11px;-webkit-animation-duration: 350ms;animation-duration: 350ms;\"><span style=\"height:48px;width:48px;line-height:24px;border-color:var(--awb-color5);border-width:1px;border-style:solid;background-color:var(--awb-color5);margin-right:20px;box-sizing:content-box;border-radius:100%;\"><i style=\"border-color:var(--awb-color7);border-width:0px;background-color:var(--awb-color5);box-sizing:content-box;height:48px;width:48px;line-height:48px;border-radius:100%;position:relative;top:auto;left:auto;margin:0;border-radius:100%;font-size:24px;\" aria-hidden=\"true\" class=\"fontawesome-icon fa-table-tennis fas circle-yes\"><\/i><\/span><\/div><h3 class=\"content-box-heading fusion-responsive-typography-calculated\" style=\"--h3_typography-font-size:28px;--fontSize:28;line-height:var(--awb-typography1-line-height);\">Anno 2022<\/h3><\/div><div class=\"fusion-clearfix\"><\/div><div class=\"content-container\">\n<p>Die Saison 2022\/23 verspricht einiges, da die 1. Herren sich extrem verst\u00e4rken konnte. Sie spielt erneut in der Bezirksliga und hofft nach Corona bedingten R\u00fcckschl\u00e4gen im Kampf um den Aufstieg in die Landesliga in dieser Spielzeit endlich aufsteigen zu k\u00f6nnen.<\/p>\n<p>Die \u201eReserve\u201c hat den Aufstieg in die Bezirksklasse mit Rang 2 beendet und profitiert nat\u00fcrlich von den Neuzug\u00e4ngen der 1. Herren.<\/p>\n<p>Die 3. spielt nach einiger Zeit wieder als 6er Team in der 1. Kreisklasse.<\/p>\n<p>Im Nachwuchsbereich gibt es leider nur ein Team; die Jungen 19 werden den TuS aber sicherlich w\u00fcrdig vertreten.<\/p>\n<\/div><div class=\"content-box-shortcode-timeline-vertical\" style=\"border-color:var(--awb-color5);left:75px;top:60px;-webkit-transition-duration: 350ms;animation-duration: 350ms;\"><\/div><\/div><\/div><div style=\"--awb-backgroundcolor:var(--awb-color2);--awb-iconcolor:var(--awb-color1);--awb-content-padding-left:70px;\" class=\"fusion-column content-box-column content-box-column content-box-column-13 col-lg-12 col-md-12 col-sm-12 fusion-content-box-hover content-box-column-last-in-row\"><div class=\"col content-box-wrapper content-wrapper-background link-area-link-icon content-icon-wrapper-yes icon-hover-animation-fade fusion-animated\" data-animationType=\"fadeIn\" data-animationDuration=\"0.25\" data-animationOffset=\"top-into-view\"><div class=\"heading heading-with-icon icon-left\" style=\"margin-top:11px;\"><div class=\"icon\" style=\"margin-top:-11px;margin-bottom:-11px;-webkit-animation-duration: 350ms;animation-duration: 350ms;\"><span style=\"height:48px;width:48px;line-height:24px;border-color:var(--awb-color5);border-width:1px;border-style:solid;background-color:var(--awb-color5);margin-right:20px;box-sizing:content-box;border-radius:100%;\"><i style=\"border-color:var(--awb-color7);border-width:0px;background-color:var(--awb-color5);box-sizing:content-box;height:48px;width:48px;line-height:48px;border-radius:100%;position:relative;top:auto;left:auto;margin:0;border-radius:100%;font-size:24px;\" aria-hidden=\"true\" class=\"fontawesome-icon fa-table-tennis fas circle-yes\"><\/i><\/span><\/div><h3 class=\"content-box-heading fusion-responsive-typography-calculated\" style=\"--h3_typography-font-size:28px;--fontSize:28;line-height:var(--awb-typography1-line-height);\">Anno 2023<\/h3><\/div><div class=\"fusion-clearfix\"><\/div><div class=\"content-container\">\n<p>Die Saison 2022\/23 h\u00e4lt aktuell (vorletzter Spieltag der R\u00fcckrunde) einiges an Rekorden.<\/p>\n<\/div><div class=\"content-box-shortcode-timeline-vertical\" style=\"border-color:var(--awb-color5);left:75px;top:60px;-webkit-transition-duration: 350ms;animation-duration: 350ms;\"><\/div><\/div><\/div><div style=\"--awb-backgroundcolor:var(--awb-color2);--awb-iconcolor:var(--awb-color1);--awb-content-padding-left:70px;\" class=\"fusion-column content-box-column content-box-column content-box-column-14 col-lg-12 col-md-12 col-sm-12 fusion-content-box-hover content-box-column-last content-box-column-last-in-row\"><div class=\"col content-box-wrapper content-wrapper-background link-area-link-icon content-icon-wrapper-yes icon-hover-animation-fade fusion-animated\" data-animationType=\"fadeIn\" data-animationDuration=\"0.25\" data-animationOffset=\"top-into-view\"><div class=\"heading heading-with-icon icon-left\" style=\"margin-top:11px;\"><div class=\"icon\" style=\"margin-top:-11px;margin-bottom:-11px;-webkit-animation-duration: 350ms;animation-duration: 350ms;\"><span style=\"height:48px;width:48px;line-height:24px;border-color:var(--awb-color5);border-width:1px;border-style:solid;background-color:var(--awb-color5);margin-right:20px;box-sizing:content-box;border-radius:100%;\"><i style=\"border-color:var(--awb-color7);border-width:0px;background-color:var(--awb-color5);box-sizing:content-box;height:48px;width:48px;line-height:48px;border-radius:100%;position:relative;top:auto;left:auto;margin:0;border-radius:100%;font-size:24px;\" aria-hidden=\"true\" class=\"fontawesome-icon fa-table-tennis fas circle-yes\"><\/i><\/span><\/div><h3 class=\"content-box-heading fusion-responsive-typography-calculated\" style=\"--h3_typography-font-size:28px;--fontSize:28;line-height:var(--awb-typography1-line-height);\">Anno 2026<\/h3><\/div><div class=\"fusion-clearfix\"><\/div><div class=\"content-container\">\n<p>Alle Ergebnisse und Entwicklungen findest Du unter unseren Berichten.<\/p>\n<\/div><div class=\"content-box-shortcode-timeline-vertical\" style=\"border-color:var(--awb-color5);left:75px;top:60px;-webkit-transition-duration: 350ms;animation-duration: 350ms;\"><\/div><\/div><\/div><div class=\"fusion-clearfix\"><\/div><\/div><\/div><\/div><\/div><\/div>\n","protected":false},"excerpt":{"rendered":"","protected":false},"author":1,"featured_media":0,"parent":0,"menu_order":0,"comment_status":"closed","ping_status":"closed","template":"","meta":{"kia_subtitle":"Anno 1975..","_themeisle_gutenberg_block_has_review":false,"footnotes":""},"class_list":["post-2","page","type-page","status-publish","hentry"],"yoast_head":"<!-- This site is optimized with the Yoast SEO plugin v28.4 - https:\/\/yoast.com\/product\/yoast-seo-wordpress\/ -->\n<title>Historie: Viele Jahre. Eine Geschichte. Ein Verein. - TuS Bruchhausen 02 - TT Abteilung<\/title>\n<meta name=\"robots\" content=\"index, follow, max-snippet:-1, max-image-preview:large, max-video-preview:-1\" \/>\n<link rel=\"canonical\" href=\"http:\/\/tt-bruchhausen.de\/Web\/historie\/\" \/>\n<meta property=\"og:locale\" content=\"de_DE\" \/>\n<meta property=\"og:type\" content=\"article\" \/>\n<meta property=\"og:title\" content=\"Historie: Viele Jahre. Eine Geschichte. Ein Verein. - TuS Bruchhausen 02 - TT Abteilung\" \/>\n<meta property=\"og:url\" content=\"http:\/\/tt-bruchhausen.de\/Web\/historie\/\" \/>\n<meta property=\"og:site_name\" content=\"TuS Bruchhausen 02 - TT Abteilung\" \/>\n<meta property=\"article:modified_time\" content=\"2026-09-01T12:41:10+00:00\" \/>\n<meta name=\"twitter:card\" content=\"summary_large_image\" \/>\n<meta name=\"twitter:label1\" content=\"Gesch\u00e4tzte Lesezeit\" \/>\n\t<meta name=\"twitter:data1\" content=\"12\u00a0Minuten\" \/>\n<script type=\"application\/ld+json\" class=\"yoast-schema-graph\">{\"@context\":\"https:\\\/\\\/schema.org\",\"@graph\":[{\"@type\":\"WebPage\",\"@id\":\"http:\\\/\\\/tt-bruchhausen.de\\\/Web\\\/historie\\\/\",\"url\":\"http:\\\/\\\/tt-bruchhausen.de\\\/Web\\\/historie\\\/\",\"name\":\"Historie: Viele Jahre. Eine Geschichte. Ein Verein. - TuS Bruchhausen 02 - TT Abteilung\",\"isPartOf\":{\"@id\":\"http:\\\/\\\/tt-bruchhausen.de\\\/Web\\\/#website\"},\"datePublished\":\"2014-05-20T15:36:15+00:00\",\"dateModified\":\"2026-09-01T12:41:10+00:00\",\"breadcrumb\":{\"@id\":\"http:\\\/\\\/tt-bruchhausen.de\\\/Web\\\/historie\\\/#breadcrumb\"},\"inLanguage\":\"de\",\"potentialAction\":[{\"@type\":\"ReadAction\",\"target\":[\"http:\\\/\\\/tt-bruchhausen.de\\\/Web\\\/historie\\\/\"]}]},{\"@type\":\"BreadcrumbList\",\"@id\":\"http:\\\/\\\/tt-bruchhausen.de\\\/Web\\\/historie\\\/#breadcrumb\",\"itemListElement\":[{\"@type\":\"ListItem\",\"position\":1,\"name\":\"Start\",\"item\":\"http:\\\/\\\/tt-bruchhausen.de\\\/Web\\\/\"},{\"@type\":\"ListItem\",\"position\":2,\"name\":\"Historie: Viele Jahre. Eine Geschichte. Ein Verein.\"}]},{\"@type\":\"WebSite\",\"@id\":\"http:\\\/\\\/tt-bruchhausen.de\\\/Web\\\/#website\",\"url\":\"http:\\\/\\\/tt-bruchhausen.de\\\/Web\\\/\",\"name\":\"TuS Bruchhausen 02 - TT Abteilung\",\"description\":\"Tischtennis im Entondorf\",\"potentialAction\":[{\"@type\":\"SearchAction\",\"target\":{\"@type\":\"EntryPoint\",\"urlTemplate\":\"http:\\\/\\\/tt-bruchhausen.de\\\/Web\\\/?s={search_term_string}\"},\"query-input\":{\"@type\":\"PropertyValueSpecification\",\"valueRequired\":true,\"valueName\":\"search_term_string\"}}],\"inLanguage\":\"de\"}]}<\/script>\n<!-- \/ Yoast SEO plugin. -->","yoast_head_json":{"title":"Historie: Viele Jahre. Eine Geschichte. Ein Verein. - TuS Bruchhausen 02 - TT Abteilung","robots":{"index":"index","follow":"follow","max-snippet":"max-snippet:-1","max-image-preview":"max-image-preview:large","max-video-preview":"max-video-preview:-1"},"canonical":"http:\/\/tt-bruchhausen.de\/Web\/historie\/","og_locale":"de_DE","og_type":"article","og_title":"Historie: Viele Jahre. Eine Geschichte. Ein Verein. - TuS Bruchhausen 02 - TT Abteilung","og_url":"http:\/\/tt-bruchhausen.de\/Web\/historie\/","og_site_name":"TuS Bruchhausen 02 - TT Abteilung","article_modified_time":"2026-09-01T12:41:10+00:00","twitter_card":"summary_large_image","twitter_misc":{"Gesch\u00e4tzte Lesezeit":"12\u00a0Minuten"},"schema":{"@context":"https:\/\/schema.org","@graph":[{"@type":"WebPage","@id":"http:\/\/tt-bruchhausen.de\/Web\/historie\/","url":"http:\/\/tt-bruchhausen.de\/Web\/historie\/","name":"Historie: Viele Jahre. Eine Geschichte. Ein Verein. - TuS Bruchhausen 02 - TT Abteilung","isPartOf":{"@id":"http:\/\/tt-bruchhausen.de\/Web\/#website"},"datePublished":"2014-05-20T15:36:15+00:00","dateModified":"2026-09-01T12:41:10+00:00","breadcrumb":{"@id":"http:\/\/tt-bruchhausen.de\/Web\/historie\/#breadcrumb"},"inLanguage":"de","potentialAction":[{"@type":"ReadAction","target":["http:\/\/tt-bruchhausen.de\/Web\/historie\/"]}]},{"@type":"BreadcrumbList","@id":"http:\/\/tt-bruchhausen.de\/Web\/historie\/#breadcrumb","itemListElement":[{"@type":"ListItem","position":1,"name":"Start","item":"http:\/\/tt-bruchhausen.de\/Web\/"},{"@type":"ListItem","position":2,"name":"Historie: Viele Jahre. Eine Geschichte. Ein Verein."}]},{"@type":"WebSite","@id":"http:\/\/tt-bruchhausen.de\/Web\/#website","url":"http:\/\/tt-bruchhausen.de\/Web\/","name":"TuS Bruchhausen 02 - TT Abteilung","description":"Tischtennis im Entondorf","potentialAction":[{"@type":"SearchAction","target":{"@type":"EntryPoint","urlTemplate":"http:\/\/tt-bruchhausen.de\/Web\/?s={search_term_string}"},"query-input":{"@type":"PropertyValueSpecification","valueRequired":true,"valueName":"search_term_string"}}],"inLanguage":"de"}]}},"_links":{"self":[{"href":"http:\/\/tt-bruchhausen.de\/Web\/wp-json\/wp\/v2\/pages\/2","targetHints":{"allow":["GET"]}}],"collection":[{"href":"http:\/\/tt-bruchhausen.de\/Web\/wp-json\/wp\/v2\/pages"}],"about":[{"href":"http:\/\/tt-bruchhausen.de\/Web\/wp-json\/wp\/v2\/types\/page"}],"author":[{"embeddable":true,"href":"http:\/\/tt-bruchhausen.de\/Web\/wp-json\/wp\/v2\/users\/1"}],"replies":[{"embeddable":true,"href":"http:\/\/tt-bruchhausen.de\/Web\/wp-json\/wp\/v2\/comments?post=2"}],"version-history":[{"count":64,"href":"http:\/\/tt-bruchhausen.de\/Web\/wp-json\/wp\/v2\/pages\/2\/revisions"}],"predecessor-version":[{"id":8692,"href":"http:\/\/tt-bruchhausen.de\/Web\/wp-json\/wp\/v2\/pages\/2\/revisions\/8692"}],"wp:attachment":[{"href":"http:\/\/tt-bruchhausen.de\/Web\/wp-json\/wp\/v2\/media?parent=2"}],"curies":[{"name":"wp","href":"https:\/\/api.w.org\/{rel}","templated":true}]}}